{"id":719,"date":"2026-01-23T15:11:35","date_gmt":"2026-01-23T15:11:35","guid":{"rendered":"https:\/\/www.freiebuerger-weidhausen.de\/?page_id=719"},"modified":"2026-01-27T08:51:24","modified_gmt":"2026-01-27T08:51:24","slug":"kommunalwahl-2026","status":"publish","type":"page","link":"https:\/\/www.freiebuerger-weidhausen.de\/?page_id=719","title":{"rendered":"Kommunalwahl 2026"},"content":{"rendered":"<p>[et_pb_section fb_built=&#8220;1&#8243; custom_padding_last_edited=&#8220;on|phone&#8220; bg_img_1=&#8220;https:\/\/www.freiebuerger-weidhausen.de\/wp-content\/uploads\/2025\/03\/political-candidate-25.png&#8220; background_size_1=&#8220;initial&#8220; background_repeat_1=&#8220;no-repeat&#8220; background_position_1=&#8220;top_right&#8220; admin_label=&#8220;Header&#8220; _builder_version=&#8220;4.27.5&#8243; custom_margin=&#8220;||0px|&#8220; custom_padding=&#8220;0px||0px||true|false&#8220; custom_padding_tablet=&#8220;0px||32px||false|false&#8220; custom_padding_phone=&#8220;||50px||false|false&#8220; top_divider_height_tablet=&#8220;&#8220; top_divider_height_phone=&#8220;&#8220; top_divider_height_last_edited=&#8220;on|phone&#8220; bottom_divider_style=&#8220;wave2&#8243; bottom_divider_color=&#8220;rgba(30,115,190,0.22)&#8220; bottom_divider_height=&#8220;182px&#8220; bottom_divider_height_tablet=&#8220;107px&#8220; bottom_divider_height_phone=&#8220;97px&#8220; bottom_divider_height_last_edited=&#8220;on|tablet&#8220; global_colors_info=&#8220;{}&#8220;][et_pb_row column_structure=&#8220;1_2,1_2&#8243; make_equal=&#8220;on&#8220; padding_top_bottom_link_2=&#8220;false&#8220; padding_left_right_link_2=&#8220;false&#8220; _builder_version=&#8220;4.27.5&#8243; width=&#8220;100%&#8220; max_width=&#8220;100%&#8220; custom_padding=&#8220;0px||0px||true&#8220; use_custom_width=&#8220;on&#8220; width_unit=&#8220;off&#8220; custom_width_percent=&#8220;100%&#8220; global_colors_info=&#8220;{}&#8220;][et_pb_column type=&#8220;1_2&#8243; _builder_version=&#8220;4.27.5&#8243; background_image=&#8220;https:\/\/www.freiebuerger-weidhausen.de\/wp-content\/uploads\/2026\/01\/DSC06000-scaled.jpg&#8220; background_position=&#8220;top_center&#8220; custom_padding=&#8220;|||&#8220; global_colors_info=&#8220;{}&#8220; custom_padding__hover=&#8220;|||&#8220;][et_pb_image src=&#8220;https:\/\/www.freiebuerger-weidhausen.de\/wp-content\/uploads\/2025\/04\/political-candidate-19.png&#8220; _builder_version=&#8220;4.27.5&#8243; width_tablet=&#8220;&#8220; width_phone=&#8220;30%&#8220; width_last_edited=&#8220;on|desktop&#8220; always_center_on_mobile=&#8220;off&#8220; global_colors_info=&#8220;{}&#8220;][\/et_pb_image][et_pb_divider show_divider=&#8220;off&#8220; _builder_version=&#8220;4.27.5&#8243; height=&#8220;317px&#8220; global_colors_info=&#8220;{}&#8220;][\/et_pb_divider][\/et_pb_column][et_pb_column type=&#8220;1_2&#8243; _builder_version=&#8220;4.16&#8243; custom_padding=&#8220;6vw|10%|12vw|&#8220; custom_padding_tablet=&#8220;|10%||10%||true&#8220; custom_padding_phone=&#8220;|||&#8220; custom_padding_last_edited=&#8220;on|tablet&#8220; global_colors_info=&#8220;{}&#8220; padding_phone=&#8220;|||&#8220; padding_tablet=&#8220;|10%||10%||true&#8220; padding_last_edited=&#8220;on|tablet&#8220; custom_padding__hover=&#8220;|||&#8220;][et_pb_text _builder_version=&#8220;4.27.5&#8243; text_font=&#8220;||||||||&#8220; text_line_height=&#8220;2em&#8220; header_font=&#8220;|700||on|||||&#8220; header_font_size=&#8220;60px&#8220; header_line_height=&#8220;1.4em&#8220; header_2_font=&#8220;|600||on|||||&#8220; header_2_text_color=&#8220;#000000&#8243; header_3_font=&#8220;|||on|||||&#8220; header_3_text_color=&#8220;#000000&#8243; header_3_line_height=&#8220;1.8em&#8220; max_width=&#8220;700%&#8220; custom_margin=&#8220;|||&#8220; text_font_size_tablet=&#8220;&#8220; text_font_size_phone=&#8220;14px&#8220; text_font_size_last_edited=&#8220;on|desktop&#8220; header_font_size_tablet=&#8220;&#8220; header_font_size_phone=&#8220;32px&#8220; header_font_size_last_edited=&#8220;on|desktop&#8220; global_colors_info=&#8220;{}&#8220;]<\/p>\n<h1>Maxi Fischer<\/h1>\n<h2>und sein Team<\/h2>\n<p>[\/et_pb_text][\/et_pb_column][\/et_pb_row][\/et_pb_section][et_pb_section fb_built=&#8220;1&#8243; _builder_version=&#8220;4.27.5&#8243; _module_preset=&#8220;default&#8220; global_colors_info=&#8220;{}&#8220;][et_pb_row _builder_version=&#8220;4.27.5&#8243; _module_preset=&#8220;default&#8220;][et_pb_column _builder_version=&#8220;4.27.5&#8243; _module_preset=&#8220;default&#8220; type=&#8220;4_4&#8243;][et_pb_image src=&#8220;https:\/\/www.freiebuerger-weidhausen.de\/wp-content\/uploads\/2026\/01\/DSC05717_ohne_Schatten-scaled.png&#8220; _builder_version=&#8220;4.27.5&#8243; _module_preset=&#8220;default&#8220; title_text=&#8220;DSC05717_ohne_Schatten&#8220; hover_enabled=&#8220;0&#8243; sticky_enabled=&#8220;0&#8243;][\/et_pb_image][\/et_pb_column][\/et_pb_row][et_pb_row column_structure=&#8220;1_2,1_2&#8243; _builder_version=&#8220;4.27.5&#8243; _module_preset=&#8220;default&#8220; global_colors_info=&#8220;{}&#8220;][et_pb_column type=&#8220;1_2&#8243; _builder_version=&#8220;4.27.5&#8243; _module_preset=&#8220;default&#8220; global_colors_info=&#8220;{}&#8220;][et_pb_image src=&#8220;https:\/\/www.freiebuerger-weidhausen.de\/wp-content\/uploads\/2026\/01\/Martina.png&#8220; title_text=&#8220;Martina&#8220; _builder_version=&#8220;4.27.5&#8243; _module_preset=&#8220;default&#8220; global_colors_info=&#8220;{}&#8220;][\/et_pb_image][et_pb_text _builder_version=&#8220;4.27.5&#8243; _module_preset=&#8220;default&#8220; global_colors_info=&#8220;{}&#8220;]<\/p>\n<p><span style=\"font-weight: 400;\">Martina ist seit 2020 f\u00fcr die Freien B\u00fcrger im Gemeinderat, derzeit stellv. Fraktionsvorsitzende <\/span><span style=\"font-weight: 400;\">und stellv. Jugend- und Familienbeauftragte der Gemeinde.<\/span><\/p>\n<p>\u00a0<span style=\"font-weight: 400;\">\u201eMein Ziel ist es, immer ein offenes Ohr f\u00fcr die Bed\u00fcrfnisse von Jung und Alt zu haben, unsere <\/span><span style=\"font-weight: 400;\">vielf\u00e4ltigen Angebote und Traditionen zu wahren damit sich alle Generationen in unserer <\/span><span style=\"font-weight: 400;\">Gemeinde wohlf\u00fchlen\u201c.<\/span><\/p>\n<p><span style=\"font-weight: 400;\">Zusammenhalt und Ehrenamt sind wichtig, damit eine Gemeinde lebendig!<\/span><\/p>\n<p>[\/et_pb_text][\/et_pb_column][et_pb_column type=&#8220;1_2&#8243; _builder_version=&#8220;4.27.5&#8243; _module_preset=&#8220;default&#8220; global_colors_info=&#8220;{}&#8220;][et_pb_image src=&#8220;https:\/\/www.freiebuerger-weidhausen.de\/wp-content\/uploads\/2026\/01\/Andre.png&#8220; title_text=&#8220;Andre&#8220; _builder_version=&#8220;4.27.5&#8243; _module_preset=&#8220;default&#8220; global_colors_info=&#8220;{}&#8220;][\/et_pb_image][et_pb_text _builder_version=&#8220;4.27.5&#8243; _module_preset=&#8220;default&#8220; global_colors_info=&#8220;{}&#8220;]<\/p>\n<p><span style=\"font-weight: 400;\">Seit mittlerweile 2014 ist Andr\u00e9 f\u00fcr die Freien B\u00fcrger im Gemeinderat und derzeit auch Kultur- u. <\/span><span style=\"font-weight: 400;\">Sportbeauftragter der Gemeinde.<\/span><\/p>\n<p><span style=\"font-weight: 400;\">\u201eAls 1. Vorsitzender des TV Weidhausen bzw. der HSG WE wei\u00df ich, mit welchen <\/span><span style=\"font-weight: 400;\">Herausforderungen Vereine konfrontiert sind und dass ohne Ehrenamtliche in unseren 3 <\/span><span style=\"font-weight: 400;\">Ortsteilen nichts geht.<\/span><\/p>\n<p><span style=\"font-weight: 400;\">Deshalb m\u00f6chte ich mich auch weiterhin f\u00fcr Familien und Vereine zu 100% einsetzen und die <\/span><span style=\"font-weight: 400;\">bestm\u00f6glichen Bedingungen f\u00fcr Vereine und eine lebenswerte Gemeinde schaffen.&#8220;<\/span><\/p>\n<p><span style=\"font-weight: 400;\">Eine starke Gemeinde existiert nur mit Vereinsarbeit und Ehrenamt!<\/span><\/p>\n<p>[\/et_pb_text][\/et_pb_column][\/et_pb_row][et_pb_row column_structure=&#8220;1_2,1_2&#8243; _builder_version=&#8220;4.27.5&#8243; _module_preset=&#8220;default&#8220; global_colors_info=&#8220;{}&#8220;][et_pb_column type=&#8220;1_2&#8243; _builder_version=&#8220;4.27.5&#8243; _module_preset=&#8220;default&#8220; global_colors_info=&#8220;{}&#8220;][et_pb_image src=&#8220;https:\/\/www.freiebuerger-weidhausen.de\/wp-content\/uploads\/2026\/01\/Finn.png&#8220; title_text=&#8220;Finn&#8220; _builder_version=&#8220;4.27.5&#8243; _module_preset=&#8220;default&#8220; global_colors_info=&#8220;{}&#8220;][\/et_pb_image][et_pb_text _builder_version=&#8220;4.27.5&#8243; _module_preset=&#8220;default&#8220; global_colors_info=&#8220;{}&#8220;]<\/p>\n<p><span style=\"font-weight: 400;\">Finn ist in Weidhausen zuhause und beruflich bei Verpa Folie t\u00e4tig. Warum er in den <\/span><span style=\"font-weight: 400;\">Gemeinderat m\u00f6chte, erz\u00e4hlt er euch selbst: <\/span><span style=\"font-weight: 400;\">\u201eWeidhausen ist meine Heimat und ich m\u00f6chte mich noch aktiver einbringen\u201c<\/span><\/p>\n<p><span style=\"font-weight: 400;\">Seit ich zur\u00fcckdenken kann, engagiere ich mich aktiv in den Vereinen in Weidhausen. Als Kind <\/span><span style=\"font-weight: 400;\">habe ich mit Handball und Schach begonnen und bin bis heute mit gro\u00dfer Freude in beiden<\/span><\/p>\n<p><span style=\"font-weight: 400;\">Sportarten aktiv. Neben Vereinen, in denen ich als passives Mitglied gerne unterst\u00fctze, wenn <\/span><span style=\"font-weight: 400;\">Hilfe ben\u00f6tigt wird, spiele ich seit \u00fcber vier Jahren aktiv bei den \u201eSorcher\u201c Fu\u00dfballern. Dort halte ich mich nach der Handballsaison fit und genie\u00dfe den sportlichen Austausch.<\/span><\/p>\n<p><span style=\"font-weight: 400;\">Als 23-j\u00e4hriger Weidh\u00e4user, sehe ich mich bereit, nun auch Verantwortung auf Gemeindeebene <\/span><span style=\"font-weight: 400;\">zu \u00fcbernehmen. Mir ist wichtig, dass im Gemeinderat eine ausgewogene Mischung aus Jung &amp; Alt besteht, damit jede Generation ihre Interessen einbringen und vertreten kann.<\/span><\/p>\n<p><span style=\"font-weight: 400;\">Seit vielen Jahren verfolge ich die Arbeit der Freien B\u00fcrger im Gemeinderat und nehme am Vereinsleben teil. Ich habe mich bewusst f\u00fcr die Freien B\u00fcrger entschieden, da ich kein Mitglied in einer Partei sein <\/span><span style=\"font-weight: 400;\">m\u00f6chte. Ich will unabh\u00e4ngig von parteipolitischen Interessen handeln. Mein Ziel ist es, mich ausschlie\u00dflich f\u00fcr Weidhausen, Neuensorg und Tr\u00fcbenbach einzusetzen und gemeinsam mit einem starken Team der Freien B\u00fcrger im R\u00fccken positive Entwicklungen f\u00fcr unsere gesamte Gemeinde voranzubringen.<\/span><\/p>\n<p>[\/et_pb_text][\/et_pb_column][et_pb_column type=&#8220;1_2&#8243; _builder_version=&#8220;4.27.5&#8243; _module_preset=&#8220;default&#8220; global_colors_info=&#8220;{}&#8220;][et_pb_image src=&#8220;https:\/\/www.freiebuerger-weidhausen.de\/wp-content\/uploads\/2026\/01\/Tom.png&#8220; title_text=&#8220;Tom&#8220; _builder_version=&#8220;4.27.5&#8243; _module_preset=&#8220;default&#8220; global_colors_info=&#8220;{}&#8220;][\/et_pb_image][et_pb_text _builder_version=&#8220;4.27.5&#8243; _module_preset=&#8220;default&#8220; global_colors_info=&#8220;{}&#8220;]<\/p>\n<p><span style=\"font-weight: 400;\">2020 zog Tom sich aus beruflichen Gr\u00fcnden aus der vordersten Reihe zur\u00fcck, nun will Tom Carl im <\/span><span style=\"font-weight: 400;\">Gemeinderat wieder voll aktiv mitgestalten.<\/span><\/p>\n<p><span style=\"font-weight: 400;\">\u201eSeit fast 20 Jahren organisieren wir Freie B\u00fcrger das Stra\u00dfenfest zum Wohl der gesamten <\/span><span style=\"font-weight: 400;\">Gemeinde. Als 1. Vorsitzender erf\u00e4hrt man von anderen Vereinen viel Solidarit\u00e4t, wenn man <\/span><span style=\"font-weight: 400;\">dieses oder jenes ben\u00f6tigt. Dadurch und wie auch beim Jubil\u00e4um zur 800\u2013Jahr\u2013Feier sieht man, <\/span><span style=\"font-weight: 400;\">was der Zusammenhalt aller Ortsvereine und seiner engagierten Mitb\u00fcrger bewirken kann!<\/span><\/p>\n<p><span style=\"font-weight: 400;\">Aufeinander zugehen, offen f\u00fcr den anderen sein \u2013 so schaffen wir ohne gro\u00dfen finanziellen <\/span><span style=\"font-weight: 400;\">Aufwand eine lebenswerte Gemeinde, daf\u00fcr stehe ich, daf\u00fcr bringe ich mich aktiv ein.\u201c<\/span><\/p>\n<p><span style=\"font-weight: 400;\">Weidhausen hat so viel Potenzial \u2013 gemeinsam holen wir das Beste hervor!<\/span><\/p>\n<p>[\/et_pb_text][\/et_pb_column][\/et_pb_row][et_pb_row column_structure=&#8220;1_2,1_2&#8243; _builder_version=&#8220;4.27.5&#8243; _module_preset=&#8220;default&#8220; global_colors_info=&#8220;{}&#8220;][et_pb_column type=&#8220;1_2&#8243; _builder_version=&#8220;4.27.5&#8243; _module_preset=&#8220;default&#8220; global_colors_info=&#8220;{}&#8220;][et_pb_image src=&#8220;https:\/\/www.freiebuerger-weidhausen.de\/wp-content\/uploads\/2026\/01\/Larissa.png&#8220; title_text=&#8220;Larissa&#8220; _builder_version=&#8220;4.27.5&#8243; _module_preset=&#8220;default&#8220; global_colors_info=&#8220;{}&#8220;][\/et_pb_image][et_pb_text _builder_version=&#8220;4.27.5&#8243; _module_preset=&#8220;default&#8220; global_colors_info=&#8220;{}&#8220;]<\/p>\n<p><span style=\"font-weight: 400;\">Seit Januar 2022 ist Larissa f\u00fcr die Freien B\u00fcrger im Gemeinderat.<\/span><\/p>\n<p><span style=\"font-weight: 400;\">\u201eMein Engagement im Gemeinderat sehe ich als meine pers\u00f6nliche Verpflichtung, eine <\/span><span style=\"font-weight: 400;\">lebenswerte und zukunftsorientierte Gemeinde f\u00fcr alle mitzugestalten. Dabei habe ich <\/span><span style=\"font-weight: 400;\">wirtschaftliche und unternehmerische Aspekte genauso im Blick wie die Bed\u00fcrfnisse von<\/span><\/p>\n<p><span style=\"font-weight: 400;\">Familien, Senioren und Vereinen. Denn ein gutes Miteinander ist der Pulsschlag f\u00fcr ein <\/span><span style=\"font-weight: 400;\">lebendiges Gemeindeleben.\u201c<\/span><\/p>\n<p>[\/et_pb_text][\/et_pb_column][et_pb_column type=&#8220;1_2&#8243; _builder_version=&#8220;4.27.5&#8243; _module_preset=&#8220;default&#8220; global_colors_info=&#8220;{}&#8220;][et_pb_image src=&#8220;https:\/\/www.freiebuerger-weidhausen.de\/wp-content\/uploads\/2026\/01\/Sarah.png&#8220; title_text=&#8220;Sarah&#8220; _builder_version=&#8220;4.27.5&#8243; _module_preset=&#8220;default&#8220; global_colors_info=&#8220;{}&#8220;][\/et_pb_image][et_pb_text _builder_version=&#8220;4.27.5&#8243; _module_preset=&#8220;default&#8220; global_colors_info=&#8220;{}&#8220;]<\/p>\n<p><span style=\"font-weight: 400;\">Hallo zusammen, ich bin Sarah, 26 Jahre alt und arbeite im Produktmanagement eines mittelst\u00e4ndischen Unternehmens f\u00fcr die Bauindustrie. Vor zwei Jahren habe ich gemeinsam mit meinem Freund ein Haus in der Dorfmitte von Weidhausen gekauft und saniert.<\/span><\/p>\n<p><span style=\"font-weight: 400;\">Viele kennen mich aus dem Vereins- und Gemeindeleben:<br \/><\/span><span style=\"font-weight: 400;\">Ich bin Beisitzerin im Vorstand der Freien B\u00fcrger Weidhausen &#8211; Neuensorg &#8211; Tr\u00fcbenbach. <\/span><span style=\"font-weight: 400;\">In meiner Freizeit spiele ich Handball bei der HSG Weidhausen-Ebersdorf, bin seit meiner <\/span><span style=\"font-weight: 400;\">Kindheit bei vielen Aktionen der Freien B\u00fcrger dabei und engagiere mich zudem musikalisch. Ich <\/span><span style=\"font-weight: 400;\">singe im Gospelchor &#8222;Plenty Good&#8220;, spiele mehrere Instrumente und begleite derzeit den Projektchor der ev. Kirchengemeinde Weidhausen\u2013Neuensorg am Klavier. Solche Aktivit\u00e4ten sind mir wichtig, weil sie Menschen verbinden und unser Dorfleben st\u00e4rken.<\/span><\/p>\n<p><span style=\"font-weight: 400;\">W\u00e4hrend meines Studiums war ich Mitglied im Studienfakult\u00e4tsrat der Hochschule Coburg und <\/span><span style=\"font-weight: 400;\">bin aktuell im Ausschuss der IU (Internationale Hochschule) zur Akkreditierung neuer <\/span><span style=\"font-weight: 400;\">Studieng\u00e4nge t\u00e4tig \u2013 auch dort \u00fcbernehme ich Verantwortung und gestalte aktiv mit.<\/span><\/p>\n<p><span style=\"font-weight: 400;\">Durch meinen Vater habe ich fr\u00fch Einblicke in die Gemeinderatsarbeit bekommen. Jetzt m\u00f6chte <\/span><span style=\"font-weight: 400;\">ich selbst Verantwortung \u00fcbernehmen. Mir ist es sehr wichtig, dass sich auch junge Menschen einsetzen und gemeinsam neuen Schwung in unsere Gemeinde bringen.<\/span><\/p>\n<p><span style=\"font-weight: 400;\">Ich freue mich auf die bevorstehende Zeit und darauf, Weidhausen aktiv mitzugestalten.<\/span><\/p>\n<p><span style=\"font-weight: 400;\">\u201eNeue Ideen entstehen durch neue Perspektiven!&#8220;<\/span><\/p>\n<p>[\/et_pb_text][\/et_pb_column][\/et_pb_row][et_pb_row column_structure=&#8220;1_2,1_2&#8243; _builder_version=&#8220;4.27.5&#8243; _module_preset=&#8220;default&#8220; global_colors_info=&#8220;{}&#8220;][et_pb_column type=&#8220;1_2&#8243; _builder_version=&#8220;4.27.5&#8243; _module_preset=&#8220;default&#8220; global_colors_info=&#8220;{}&#8220;][et_pb_image src=&#8220;https:\/\/www.freiebuerger-weidhausen.de\/wp-content\/uploads\/2026\/01\/Thomas.png&#8220; title_text=&#8220;Thomas&#8220; _builder_version=&#8220;4.27.5&#8243; _module_preset=&#8220;default&#8220; global_colors_info=&#8220;{}&#8220;][\/et_pb_image][et_pb_text _builder_version=&#8220;4.27.5&#8243; _module_preset=&#8220;default&#8220; custom_padding=&#8220;||5px|||&#8220; global_colors_info=&#8220;{}&#8220;]<\/p>\n<p><span style=\"font-weight: 400;\">&#8222;Seit 2014 darf ich mich im Gemeinderat f\u00fcr Weidhausen engagieren \u2013 eine Aufgabe, die mir sehr am Herzen liegt. In meinen bisherigen Rollen als Sport- und Kulturbeauftragter sowie als Seniorenbeauftragter habe ich erlebt, dass wir gemeinsam etwas bewegen k\u00f6nnen.<\/span><\/p>\n<p><span style=\"font-weight: 400;\">Mein Engagement in verschiedenen Vereinen hat mir gezeigt, wie wertvoll ehrenamtliche Arbeit <\/span><span style=\"font-weight: 400;\">f\u00fcr unser Dorf ist. Jeder Beitrag z\u00e4hlt \u2013 und gemeinsam schaffen wir es, unser Dorfleben <\/span><span style=\"font-weight: 400;\">lebendig und vielf\u00e4ltig zu gestalten, auch wenn die finanziellen Mittel knapp sind. Gerade in <\/span><span style=\"font-weight: 400;\">herausfordernden Zeiten ist es wichtig, zusammenzuhalten und kreative Projekte umzusetzen, die unsere Gemeinschaft st\u00e4rken.<\/span><\/p>\n<p><span style=\"font-weight: 400;\">Ich m\u00f6chte weiterhin dazu beitragen, dass Weidhausen ein Ort bleibt, an dem sich alle <\/span><span style=\"font-weight: 400;\">wohlf\u00fchlen und jeder die M\u00f6glichkeit hat, sich einzubringen. Lassen Sie uns gemeinsam unsere<\/span><\/p>\n<p><span style=\"font-weight: 400;\">Gemeinde lebens- und liebenswert gestalten.&#8220;<\/span><\/p>\n<p>[\/et_pb_text][\/et_pb_column][et_pb_column type=&#8220;1_2&#8243; _builder_version=&#8220;4.27.5&#8243; _module_preset=&#8220;default&#8220; global_colors_info=&#8220;{}&#8220;][et_pb_image src=&#8220;https:\/\/www.freiebuerger-weidhausen.de\/wp-content\/uploads\/2026\/01\/Norbert.png&#8220; title_text=&#8220;Norbert&#8220; _builder_version=&#8220;4.27.5&#8243; _module_preset=&#8220;default&#8220; global_colors_info=&#8220;{}&#8220;][\/et_pb_image][et_pb_text _builder_version=&#8220;4.27.5&#8243; _module_preset=&#8220;default&#8220; global_colors_info=&#8220;{}&#8220;]<\/p>\n<p><span style=\"font-weight: 400;\">Wir n\u00e4hern uns der zweiten H\u00e4lfte unserer Kandidatenvorstellungen \u2013 heute mit einer weiteren Pers\u00f6nlichkeit aus unserem Team &#8211; Norbert Tilgner aus Tr\u00fcbenbach. \ud83d\udc4b<\/span><\/p>\n<p><span style=\"font-weight: 400;\">Norbert steht nach 2020 erneut auf der Liste der Freien B\u00fcrger. Obwohl es damals nicht f\u00fcr den <\/span><span style=\"font-weight: 400;\">Einzug in den Gemeinderat gereicht hat, waren die Erfahrungen aus dem damaligen Wahlkampf <\/span><span style=\"font-weight: 400;\">und die erneut 1000%ig \u00fcberzeugende Kandidatenliste Ansporn genug, wieder zu kandidieren. <\/span><span style=\"font-weight: 400;\">Aber die Extraportion Motivation ergibt sich daraus, unseren tollen B\u00fcrgermeisterkandidaten Maxi <\/span><span style=\"font-weight: 400;\">Fischer zu unterst\u00fctzen, und nat\u00fcrlich muss es auch das Ziel sein, dass Tr\u00fcbenbach wieder im <\/span><span style=\"font-weight: 400;\">Gemeinderat vertreten ist.<\/span><\/p>\n<p><span style=\"font-weight: 400;\">\u201eIn Tr\u00fcbenbach konnte ich in den letzten Jahren dazu beitragen, durch Kreativit\u00e4t und <\/span><span style=\"font-weight: 400;\">Zusammenarbeit Einiges auf die Beine zu stellen. Auf Initiative des OGV schm\u00fccken wir seit zwei <\/span><span style=\"font-weight: 400;\">Jahren wieder den Osterbrunnen, und jeder im Ort war bereit mitzuhelfen. Gemeinsam mit den <\/span><span style=\"font-weight: 400;\">anderen Ortsvereinen veranstalten wir seit 2022 drei Tage an der Kirchweih, viel Aufwand, aber <\/span><span style=\"font-weight: 400;\">es lohnt sich. <\/span><span style=\"font-weight: 400;\">Und genauso muss es im Gemeinderat funktionieren: Es geht darum, nicht die Interessen <\/span><span style=\"font-weight: 400;\">Einzelner zu vertreten, sondern gemeinsam f\u00fcr Weidhausen und seine Ortsteile die richtigen<\/span><\/p>\n<p><span style=\"font-weight: 400;\">Rahmenbedingungen f\u00fcr eine erfolgreiche Zukunft zu schaffen, trotz angespannter Finanzlage!\u201c<\/span><\/p>\n<p><span style=\"font-weight: 400;\">Gemeinsam das Maxi!male f\u00fcr Weidhausen erreichen!<\/span><\/p>\n<p>[\/et_pb_text][\/et_pb_column][\/et_pb_row][et_pb_row column_structure=&#8220;1_2,1_2&#8243; _builder_version=&#8220;4.27.5&#8243; _module_preset=&#8220;default&#8220; global_colors_info=&#8220;{}&#8220;][et_pb_column type=&#8220;1_2&#8243; _builder_version=&#8220;4.27.5&#8243; _module_preset=&#8220;default&#8220; global_colors_info=&#8220;{}&#8220;][et_pb_image src=&#8220;https:\/\/www.freiebuerger-weidhausen.de\/wp-content\/uploads\/2026\/01\/Julia.png&#8220; title_text=&#8220;Julia&#8220; _builder_version=&#8220;4.27.5&#8243; _module_preset=&#8220;default&#8220; global_colors_info=&#8220;{}&#8220;][\/et_pb_image][et_pb_text _builder_version=&#8220;4.27.5&#8243; _module_preset=&#8220;default&#8220; custom_padding=&#8220;||5px|||&#8220; global_colors_info=&#8220;{}&#8220;]<\/p>\n<p><span style=\"font-weight: 400;\">&#8222;Ich bin 40 Jahre alt, verheiratet und darf mich seit 2009 Weidh\u00e4userin nennen. Nach meiner <\/span><span style=\"font-weight: 400;\">Ausbildung war ich zw\u00f6lf Jahre im heilp\u00e4dagogischen Schulbereich in Coburg t\u00e4tig und danach <\/span><span style=\"font-weight: 400;\">vier Jahre im Kinderhaus Leo. Seit 2021 arbeite ich in der Kleinen Welt und betreue dort die <\/span><span style=\"font-weight: 400;\">j\u00fcngsten Kinder im Dorf. In meiner Freizeit verbringe ich viel Zeit mit unserem Hund in der Natur, <\/span><span style=\"font-weight: 400;\">in den Wald- und Flurwegen rund um Weidhausen. <\/span><span style=\"font-weight: 400;\">Die Gemeinde, die Menschen, die hier leben, aber vor allem die Kinder, liegen mir am Herzen. <\/span><span style=\"font-weight: 400;\">Als p\u00e4dagogische Fachkraft arbeite ich t\u00e4glich mit Kindern und ihren Familien. <\/span><\/p>\n<p><span style=\"font-weight: 400;\">Familien brauchen <\/span><span style=\"font-weight: 400;\">verl\u00e4ssliche Strukturen, gute Betreuung und ein Umfeld, in dem Kinder gut aufwachsen und sich <\/span><span style=\"font-weight: 400;\">entfalten k\u00f6nnen. Eine familienfreundliche Gemeinde ist f\u00fcr mich Grundlage f\u00fcr eine starke <\/span><span style=\"font-weight: 400;\">Zukunft. Deshalb m\u00f6chte ich mich f\u00fcr die Familien und insbesondere f\u00fcr die Kinder im Dorf <\/span><span style=\"font-weight: 400;\">einsetzen. Weidhausen soll ein Ort sein, an dem Erinnerungen entstehen, Freundschaften <\/span><span style=\"font-weight: 400;\">wachsen und eine lebendige Gemeinschaft entsteht, in der sich alle willkommen und getragen <\/span><span style=\"font-weight: 400;\">f\u00fchlen.&#8220;<\/span><\/p>\n<p><span style=\"font-weight: 400;\">Gemeinde ist dort, wo wir f\u00fcreinander da sind!<\/span><\/p>\n<p>[\/et_pb_text][\/et_pb_column][et_pb_column type=&#8220;1_2&#8243; _builder_version=&#8220;4.27.5&#8243; _module_preset=&#8220;default&#8220; global_colors_info=&#8220;{}&#8220;][et_pb_image src=&#8220;https:\/\/www.freiebuerger-weidhausen.de\/wp-content\/uploads\/2026\/01\/Torsten.png&#8220; title_text=&#8220;Torsten&#8220; _builder_version=&#8220;4.27.5&#8243; _module_preset=&#8220;default&#8220; global_colors_info=&#8220;{}&#8220;][\/et_pb_image][et_pb_text _builder_version=&#8220;4.27.5&#8243; _module_preset=&#8220;default&#8220; global_colors_info=&#8220;{}&#8220;]<\/p>\n<p><span style=\"font-weight: 400;\">Torsten ist ein geb\u00fcrtiger Neuensorger und seit seiner Heirat 1994 in Weidhausen wohnhaft. Er <\/span><span style=\"font-weight: 400;\">ist als ehrenamtlicher Wanderwart der Gemeinde t\u00e4tig.<\/span><\/p>\n<p><span style=\"font-weight: 400;\">&#8222;Ich bin natur- und heimatverbunden und als begeisterter L\u00e4ufer und Wanderer viel im <\/span><span style=\"font-weight: 400;\">Gemeindegebiet unterwegs. An der Planung und Umsetzung unserer Wanderwege war ich <\/span><span style=\"font-weight: 400;\">ma\u00dfgeblich beteiligt und pflege diese auch. Ich setze auf B\u00fcrgern\u00e4he und m\u00f6chte ein gesundes<\/span><\/p>\n<p><span style=\"font-weight: 400;\">Miteinander mithilfe der Vereine st\u00e4rken.&#8220;<\/span><\/p>\n<p><span style=\"font-weight: 400;\">Nicht nur reden &#8211; Probleme erkennen, L\u00f6sungen umsetzen!<\/span><\/p>\n<p>[\/et_pb_text][\/et_pb_column][\/et_pb_row][et_pb_row column_structure=&#8220;1_2,1_2&#8243; _builder_version=&#8220;4.27.5&#8243; _module_preset=&#8220;default&#8220; global_colors_info=&#8220;{}&#8220;][et_pb_column type=&#8220;1_2&#8243; _builder_version=&#8220;4.27.5&#8243; _module_preset=&#8220;default&#8220; global_colors_info=&#8220;{}&#8220;][et_pb_image src=&#8220;https:\/\/www.freiebuerger-weidhausen.de\/wp-content\/uploads\/2026\/01\/Olaf.png&#8220; title_text=&#8220;Olaf&#8220; _builder_version=&#8220;4.27.5&#8243; _module_preset=&#8220;default&#8220; global_colors_info=&#8220;{}&#8220;][\/et_pb_image][et_pb_text _builder_version=&#8220;4.27.5&#8243; _module_preset=&#8220;default&#8220; custom_padding=&#8220;||5px|||&#8220; global_colors_info=&#8220;{}&#8220;]<\/p>\n<p><span style=\"font-weight: 400;\">&#8222;Seit 36 Jahren engagiere ich mich ehrenamtlich im Schachklub Weidhausen, unter anderem in <\/span><span style=\"font-weight: 400;\">den Funktionen des Jugend- und Spielleiters sowie des Kassiers. Dar\u00fcber hinaus bin ich Kassier <\/span><span style=\"font-weight: 400;\">der Freien B\u00fcrger und Spielleiter im Schach-Kreisverband Coburg\/Neustadt\/Lichtenfels\/Kronach <\/span><span style=\"font-weight: 400;\">und verf\u00fcge dadurch \u00fcber langj\u00e4hrige Erfahrung in verantwortungsvollen organisatorischen <\/span><span style=\"font-weight: 400;\">Aufgaben.<\/span><\/p>\n<p><span style=\"font-weight: 400;\">Zudem bin ich Mitglied im TV-Weidhausen, bei den Tellkameraden sowie den <\/span><span style=\"font-weight: 400;\">Wintersportfreunden. In diesen Vereinen nehme ich aktiv am Vereinsleben teil und stehe bei <\/span><span style=\"font-weight: 400;\">Veranstaltungen und Aktivit\u00e4ten gerne unterst\u00fctzend zur Verf\u00fcgung, wenn helfende H\u00e4nde <\/span><span style=\"font-weight: 400;\">ben\u00f6tigt werden.<\/span><\/p>\n<p><span style=\"font-weight: 400;\">Ich bin in Weidhausen fest verwurzelt und setze mich engagiert f\u00fcr eine zukunftsf\u00e4hige und <\/span><span style=\"font-weight: 400;\">wirtschaftlich sinnvolle Entwicklung unserer Gemeinde und ihrer Ortsteile Tr\u00fcbenbach und <\/span><span style=\"font-weight: 400;\">Neuensorg ein.&#8220;<\/span><\/p>\n<p>[\/et_pb_text][\/et_pb_column][et_pb_column type=&#8220;1_2&#8243; _builder_version=&#8220;4.27.5&#8243; _module_preset=&#8220;default&#8220; global_colors_info=&#8220;{}&#8220;][et_pb_image src=&#8220;https:\/\/www.freiebuerger-weidhausen.de\/wp-content\/uploads\/2026\/01\/Alexander.png&#8220; title_text=&#8220;Alexander&#8220; _builder_version=&#8220;4.27.5&#8243; _module_preset=&#8220;default&#8220; global_colors_info=&#8220;{}&#8220;][\/et_pb_image][et_pb_text _builder_version=&#8220;4.27.5&#8243; _module_preset=&#8220;default&#8220; global_colors_info=&#8220;{}&#8220;]<\/p>\n<p><span style=\"font-weight: 400;\">Seit Oktober 2024 wohnt unser Ali mit seiner Frau Sophia und Sohn Mats wieder in unserer <\/span><span style=\"font-weight: 400;\">Gemeinde (Neuensorg) und ihm war schnell klar, sich wieder f\u00fcr diese engagieren zu wollen, <\/span><span style=\"font-weight: 400;\">deshalb hat er sich zum Elternbeirat der Kita \u201eKleine Welt\u201c aufstellen lassen.<\/span><\/p>\n<p><span style=\"font-weight: 400;\">\u201eIn unserer Gemeinde bin ich aufgewachsen und gro\u00df geworden, nun m\u00f6chte ich etwas <\/span><span style=\"font-weight: 400;\">zur\u00fcckgeben und mich mit Herz und Engagement f\u00fcr unsere Gemeinde einsetzten. Seit <\/span><span style=\"font-weight: 400;\">September 2013 arbeite ich, f\u00fcr die hier ans\u00e4ssige Druckerei Schneider Printmedien, bei der ich <\/span><span style=\"font-weight: 400;\">2024 die Druckereileitung \u00fcbernommen habe, deshalb bin ich nicht nur privat, sondern auch <\/span><span style=\"font-weight: 400;\">beruflich eng mit unserer Gemeinde verbunden. Mein wichtigstes Anliegen ist eine st\u00e4rkere <\/span><span style=\"font-weight: 400;\">Zusammenarbeit zwischen Vereinen und Firmen, es gibt schon viel Engagement, Know-how und <\/span><span style=\"font-weight: 400;\">Gemeinschaftssinn \u2013 wir sollten diese Kr\u00e4fte jedoch besser b\u00fcndeln und alle gemeinsam an <\/span><span style=\"font-weight: 400;\">einem Strang ziehen. Denn nur im Miteinander k\u00f6nnen wir unseren Ort lebendig, stark und<\/span><\/p>\n<p><span style=\"font-weight: 400;\">zukunftsf\u00e4hig gestalten.\u201c<\/span><\/p>\n<p><span style=\"font-weight: 400;\">B\u00fcrger, Vereine, Firmen \u2013 gemeinsam f\u00fcr unsere Gemeinde!<\/span><\/p>\n<p>[\/et_pb_text][\/et_pb_column][\/et_pb_row][et_pb_row column_structure=&#8220;1_2,1_2&#8243; _builder_version=&#8220;4.27.5&#8243; _module_preset=&#8220;default&#8220; global_colors_info=&#8220;{}&#8220;][et_pb_column type=&#8220;1_2&#8243; _builder_version=&#8220;4.27.5&#8243; _module_preset=&#8220;default&#8220; global_colors_info=&#8220;{}&#8220;][et_pb_image src=&#8220;https:\/\/www.freiebuerger-weidhausen.de\/wp-content\/uploads\/2026\/01\/Daniel.png&#8220; title_text=&#8220;Daniel&#8220; _builder_version=&#8220;4.27.5&#8243; _module_preset=&#8220;default&#8220; global_colors_info=&#8220;{}&#8220;][\/et_pb_image][et_pb_text _builder_version=&#8220;4.27.5&#8243; _module_preset=&#8220;default&#8220; custom_padding=&#8220;||5px|||&#8220; global_colors_info=&#8220;{}&#8220;]<\/p>\n<p><span style=\"font-weight: 400;\">&#8222;Die Kandidatur von Maxi f\u00fcr das Amt des B\u00fcrgermeisters war f\u00fcr mich der Ansto\u00df, mich ebenfalls <\/span><span style=\"font-weight: 400;\">bei den Freien B\u00fcrgern zu engagieren und f\u00fcr eine bessere Gemeinde aktiv einzusetzen. Dies <\/span><span style=\"font-weight: 400;\">m\u00f6chte ich abseits jeglicher Partei-Ideologien tun und die Entscheidungen pragmatisch und <\/span><span style=\"font-weight: 400;\">l\u00f6sungsorientiert rein im Interesse unserer Kommune treffen.<\/span><\/p>\n<p><span style=\"font-weight: 400;\">Ich kandidiere f\u00fcr den Gemeinderat, weil mir eine offene, transparente Kommunikation wichtig ist. <\/span><span style=\"font-weight: 400;\">Gute Entscheidungen brauchen einen ehrlichen Dialog mit den B\u00fcrgerinnen und B\u00fcrgern. <\/span><span style=\"font-weight: 400;\">Gleichzeitig setze ich mich f\u00fcr ein familienfreundliches Umfeld und sinnvolle Investitionen in <\/span><span style=\"font-weight: 400;\">unsere Infrastruktur ein \u2013 stets unter Ber\u00fccksichtigung von Umwelt- und Nachhaltigkeitsaspekten.&#8220;<\/span><\/p>\n<p><span style=\"font-weight: 400;\">Ich will eine Gemeinde, in der Informationen verst\u00e4ndlich sind und R\u00fcckmeldungen ernst <\/span><span style=\"font-weight: 400;\">genommen werden.<\/span><\/p>\n<p>[\/et_pb_text][\/et_pb_column][et_pb_column type=&#8220;1_2&#8243; _builder_version=&#8220;4.27.5&#8243; _module_preset=&#8220;default&#8220; global_colors_info=&#8220;{}&#8220;][et_pb_image src=&#8220;https:\/\/www.freiebuerger-weidhausen.de\/wp-content\/uploads\/2026\/01\/Walter.png&#8220; title_text=&#8220;Walter&#8220; _builder_version=&#8220;4.27.5&#8243; _module_preset=&#8220;default&#8220; global_colors_info=&#8220;{}&#8220;][\/et_pb_image][et_pb_text _builder_version=&#8220;4.27.5&#8243; _module_preset=&#8220;default&#8220; global_colors_info=&#8220;{}&#8220;]<\/p>\n<p><span style=\"font-weight: 400;\">Ich trete f\u00fcr Seniorenangelegenheiten in jeder Hinsicht ein, um die Zukunft der \u00c4lteren in der Gemeinde so angenehm wie m\u00f6glich zu gestalten, damit wir recht lange, selbstbestimmt in guter Obhut hier wohnen k\u00f6nnen.<\/span><span style=\"font-weight: 400;\"><br \/><\/span><span style=\"font-weight: 400;\">Heimische Industrie und Gewerbe m\u00fcssen nach Kr\u00e4ften unterst\u00fctzt werden. Wir brauchen die Arbeitspl\u00e4tze und die Gewerbesteuer. <\/span><span style=\"font-weight: 400;\">Ich m\u00f6chte das Gemeinschaftsgef\u00fchl in der Gemeinde st\u00e4rken, das Vereinswesen pflegen, f\u00f6rdern und fordern.<\/span><span style=\"font-weight: 400;\"><br \/><\/span><span style=\"font-weight: 400;\"><\/span><\/p>\n<p><span style=\"font-weight: 400;\">Wir m\u00fcssen alle gemeinsam, alt-eingesessene und neu zugezogene Mitb\u00fcrger\/innen, an der Gemeinde arbeiten und unsere Zukunft in die Hand nehmen.<\/span><span style=\"font-weight: 400;\"><br \/><\/span><span style=\"font-weight: 400;\"><br \/><\/span>Mit (Lebens-)Erfahrung, gesundem Menschenverstand und ohne \u201erumzueiern\u201c.<\/p>\n<p>[\/et_pb_text][\/et_pb_column][\/et_pb_row][et_pb_row column_structure=&#8220;1_2,1_2&#8243; _builder_version=&#8220;4.27.5&#8243; _module_preset=&#8220;default&#8220; global_colors_info=&#8220;{}&#8220;][et_pb_column type=&#8220;1_2&#8243; _builder_version=&#8220;4.27.5&#8243; _module_preset=&#8220;default&#8220; global_colors_info=&#8220;{}&#8220;][et_pb_image src=&#8220;https:\/\/www.freiebuerger-weidhausen.de\/wp-content\/uploads\/2026\/01\/Manfred.png&#8220; title_text=&#8220;Manfred&#8220; _builder_version=&#8220;4.27.5&#8243; _module_preset=&#8220;default&#8220; global_colors_info=&#8220;{}&#8220;][\/et_pb_image][et_pb_text _builder_version=&#8220;4.27.5&#8243; _module_preset=&#8220;default&#8220; global_colors_info=&#8220;{}&#8220;]<\/p>\n<p><span style=\"font-weight: 400;\">Auch nach fast 24 Jahren im Gemeinderat m\u00f6chte ich weiterhin meine Erfahrungen zum Wohle unserer Gemeinde konstruktiv einbringen. Wichtig ist f\u00fcr mich der Bereich Familie und Bildung, sowie die Bed\u00fcrfnisse unserer Jugendlichen und Senioren zu f\u00f6rdern.\u00a0<\/span><\/p>\n<p><span style=\"font-weight: 400;\">In der heutigen Zeit d\u00fcrfen auch Themen wie Klima- und Artenschutz oder die Biodiversit\u00e4t auf kommunaler Ebene nicht vernachl\u00e4ssigt werden.\u00a0\u00a0\u00a0\u00a0\u00a0\u00a0<\/span><\/p>\n<p><span style=\"font-weight: 400;\">\u201eIch w\u00e4hle Maxi, weil ein frischer Wind im Rathaus notwendig ist und Maxi die besten Voraussetzungen mitbringt\u201c<\/span><\/p>\n<p>[\/et_pb_text][\/et_pb_column][et_pb_column type=&#8220;1_2&#8243; _builder_version=&#8220;4.27.5&#8243; _module_preset=&#8220;default&#8220; global_colors_info=&#8220;{}&#8220;][\/et_pb_column][\/et_pb_row][\/et_pb_section][et_pb_section fb_built=&#8220;1&#8243; prev_background_color=&#8220;#ffffff&#8220; admin_label=&#8220;Footer&#8220; _builder_version=&#8220;4.27.2&#8243; use_background_color_gradient=&#8220;on&#8220; background_color_gradient_stops=&#8220;rgba(30,115,190,0.57) 0%|rgba(255,245,181,0.8) 100%&#8220; background_color_gradient_overlays_image=&#8220;on&#8220; background_color_gradient_start=&#8220;rgba(187,120,96,0.9)&#8220; background_color_gradient_end=&#8220;rgba(187,120,96,0.9)&#8220; background_image=&#8220;https:\/\/www.freiebuerger-weidhausen.de\/wp-content\/uploads\/2025\/04\/20250317_203723-scaled.jpg&#8220; min_height=&#8220;632px&#8220; custom_padding=&#8220;7.8%||54px||false|false&#8220; top_divider_style=&#8220;wave2&#8243; top_divider_height=&#8220;14vw&#8220; top_divider_repeat=&#8220;0.5x&#8220; top_divider_flip=&#8220;horizontal&#8220; animation_style=&#8220;slide&#8220; animation_direction=&#8220;bottom&#8220; animation_intensity_slide=&#8220;2%&#8220; locked=&#8220;off&#8220; global_colors_info=&#8220;{}&#8220;][et_pb_row _builder_version=&#8220;4.16&#8243; global_colors_info=&#8220;{}&#8220;][et_pb_column type=&#8220;4_4&#8243; _builder_version=&#8220;4.16&#8243; custom_padding=&#8220;|||&#8220; global_colors_info=&#8220;{}&#8220; custom_padding__hover=&#8220;|||&#8220;][et_pb_divider color=&#8220;#ffffff&#8220; divider_position=&#8220;center&#8220; divider_weight=&#8220;3px&#8220; _builder_version=&#8220;4.16&#8243; max_width=&#8220;60px&#8220; module_alignment=&#8220;center&#8220; height=&#8220;3px&#8220; custom_margin=&#8220;||10px|&#8220; locked=&#8220;off&#8220; global_colors_info=&#8220;{}&#8220;][\/et_pb_divider][et_pb_text _builder_version=&#8220;4.16&#8243; text_font=&#8220;||||||||&#8220; header_font=&#8220;||||||||&#8220; header_2_font=&#8220;Ubuntu|700|||||||&#8220; header_2_font_size=&#8220;42px&#8220; header_2_line_height=&#8220;1.2em&#8220; text_orientation=&#8220;center&#8220; background_layout=&#8220;dark&#8220; max_width=&#8220;700px&#8220; module_alignment=&#8220;center&#8220; header_2_font_size_tablet=&#8220;&#8220; header_2_font_size_phone=&#8220;28px&#8220; header_2_font_size_last_edited=&#8220;on|phone&#8220; locked=&#8220;off&#8220; global_colors_info=&#8220;{}&#8220;]<\/p>\n<h2>Kontakt<\/h2>\n<p>[\/et_pb_text][et_pb_contact_form captcha=&#8220;off&#8220; email=&#8220;info@freiebuerger-weidhausen.de&#8220; submit_button_text=&#8220;Senden&#8220; module_id=&#8220;et_pb_contact_form_0&#8243; _builder_version=&#8220;4.27.2&#8243; form_field_background_color=&#8220;#ffffff&#8220; form_field_font=&#8220;Lato||||||||&#8220; form_field_font_size=&#8220;16px&#8220; custom_button=&#8220;on&#8220; button_text_size=&#8220;18px&#8220; button_text_color=&#8220;#ffffff&#8220; button_bg_color=&#8220;#393e56&#8243; button_border_width=&#8220;6px&#8220; button_border_color=&#8220;rgba(0,0,0,0)&#8220; button_border_radius=&#8220;0px&#8220; button_letter_spacing=&#8220;2px&#8220; button_font=&#8220;Ubuntu|700|||||||&#8220; button_icon=&#8220;&#x24;||divi||400&#8243; max_width=&#8220;700px&#8220; module_alignment=&#8220;center&#8220; form_background_color=&#8220;#ffffff&#8220; global_colors_info=&#8220;{}&#8220;][et_pb_contact_field field_id=&#8220;Name&#8220; field_title=&#8220;Name&#8220; _builder_version=&#8220;4.16&#8243; global_colors_info=&#8220;{}&#8220; button_text_size__hover_enabled=&#8220;off&#8220; button_one_text_size__hover_enabled=&#8220;off&#8220; button_two_text_size__hover_enabled=&#8220;off&#8220; button_text_color__hover_enabled=&#8220;off&#8220; button_one_text_color__hover_enabled=&#8220;off&#8220; button_two_text_color__hover_enabled=&#8220;off&#8220; button_border_width__hover_enabled=&#8220;off&#8220; button_one_border_width__hover_enabled=&#8220;off&#8220; button_two_border_width__hover_enabled=&#8220;off&#8220; button_border_color__hover_enabled=&#8220;off&#8220; button_one_border_color__hover_enabled=&#8220;off&#8220; button_two_border_color__hover_enabled=&#8220;off&#8220; button_border_radius__hover_enabled=&#8220;off&#8220; button_one_border_radius__hover_enabled=&#8220;off&#8220; button_two_border_radius__hover_enabled=&#8220;off&#8220; button_letter_spacing__hover_enabled=&#8220;off&#8220; button_one_letter_spacing__hover_enabled=&#8220;off&#8220; button_two_letter_spacing__hover_enabled=&#8220;off&#8220; button_bg_color__hover_enabled=&#8220;off&#8220; button_one_bg_color__hover_enabled=&#8220;off&#8220; button_two_bg_color__hover_enabled=&#8220;off&#8220;][\/et_pb_contact_field][et_pb_contact_field field_id=&#8220;Email&#8220; field_title=&#8220;Email&#8220; field_type=&#8220;email&#8220; _builder_version=&#8220;4.27.2&#8243; global_colors_info=&#8220;{}&#8220; button_text_size__hover_enabled=&#8220;off&#8220; button_one_text_size__hover_enabled=&#8220;off&#8220; button_two_text_size__hover_enabled=&#8220;off&#8220; button_text_color__hover_enabled=&#8220;off&#8220; button_one_text_color__hover_enabled=&#8220;off&#8220; button_two_text_color__hover_enabled=&#8220;off&#8220; button_border_width__hover_enabled=&#8220;off&#8220; button_one_border_width__hover_enabled=&#8220;off&#8220; button_two_border_width__hover_enabled=&#8220;off&#8220; button_border_color__hover_enabled=&#8220;off&#8220; button_one_border_color__hover_enabled=&#8220;off&#8220; button_two_border_color__hover_enabled=&#8220;off&#8220; button_border_radius__hover_enabled=&#8220;off&#8220; button_one_border_radius__hover_enabled=&#8220;off&#8220; button_two_border_radius__hover_enabled=&#8220;off&#8220; button_letter_spacing__hover_enabled=&#8220;off&#8220; button_one_letter_spacing__hover_enabled=&#8220;off&#8220; button_two_letter_spacing__hover_enabled=&#8220;off&#8220; button_bg_color__hover_enabled=&#8220;off&#8220; button_one_bg_color__hover_enabled=&#8220;off&#8220; button_two_bg_color__hover_enabled=&#8220;off&#8220;][\/et_pb_contact_field][et_pb_contact_field field_id=&#8220;Message&#8220; field_title=&#8220;Nachricht&#8220; field_type=&#8220;text&#8220; fullwidth_field=&#8220;on&#8220; _builder_version=&#8220;4.27.2&#8243; global_colors_info=&#8220;{}&#8220; button_text_size__hover_enabled=&#8220;off&#8220; button_one_text_size__hover_enabled=&#8220;off&#8220; button_two_text_size__hover_enabled=&#8220;off&#8220; button_text_color__hover_enabled=&#8220;off&#8220; button_one_text_color__hover_enabled=&#8220;off&#8220; button_two_text_color__hover_enabled=&#8220;off&#8220; button_border_width__hover_enabled=&#8220;off&#8220; button_one_border_width__hover_enabled=&#8220;off&#8220; button_two_border_width__hover_enabled=&#8220;off&#8220; button_border_color__hover_enabled=&#8220;off&#8220; button_one_border_color__hover_enabled=&#8220;off&#8220; button_two_border_color__hover_enabled=&#8220;off&#8220; button_border_radius__hover_enabled=&#8220;off&#8220; button_one_border_radius__hover_enabled=&#8220;off&#8220; button_two_border_radius__hover_enabled=&#8220;off&#8220; button_letter_spacing__hover_enabled=&#8220;off&#8220; button_one_letter_spacing__hover_enabled=&#8220;off&#8220; button_two_letter_spacing__hover_enabled=&#8220;off&#8220; button_bg_color__hover_enabled=&#8220;off&#8220; button_one_bg_color__hover_enabled=&#8220;off&#8220; button_two_bg_color__hover_enabled=&#8220;off&#8220;][\/et_pb_contact_field][\/et_pb_contact_form][\/et_pb_column][\/et_pb_row][\/et_pb_section]<\/p>\n","protected":false},"excerpt":{"rendered":"<p>Maxi Fischer und sein TeamMartina ist seit 2020 f\u00fcr die Freien B\u00fcrger im Gemeinderat, derzeit stellv. Fraktionsvorsitzende und stellv. Jugend- und Familienbeauftragte der Gemeinde. \u00a0\u201eMein Ziel ist es, immer ein offenes Ohr f\u00fcr die Bed\u00fcrfnisse von Jung und Alt zu haben, unsere vielf\u00e4ltigen Angebote und Traditionen zu wahren damit sich alle Generationen in unserer Gemeinde [&hellip;]<\/p>\n","protected":false},"author":1,"featured_media":0,"parent":0,"menu_order":60,"comment_status":"closed","ping_status":"closed","template":"","meta":{"_et_pb_use_builder":"on","_et_pb_old_content":"","_et_gb_content_width":"","footnotes":""},"class_list":["post-719","page","type-page","status-publish","hentry"],"_links":{"self":[{"href":"https:\/\/www.freiebuerger-weidhausen.de\/index.php?rest_route=\/wp\/v2\/pages\/719","targetHints":{"allow":["GET"]}}],"collection":[{"href":"https:\/\/www.freiebuerger-weidhausen.de\/index.php?rest_route=\/wp\/v2\/pages"}],"about":[{"href":"https:\/\/www.freiebuerger-weidhausen.de\/index.php?rest_route=\/wp\/v2\/types\/page"}],"author":[{"embeddable":true,"href":"https:\/\/www.freiebuerger-weidhausen.de\/index.php?rest_route=\/wp\/v2\/users\/1"}],"replies":[{"embeddable":true,"href":"https:\/\/www.freiebuerger-weidhausen.de\/index.php?rest_route=%2Fwp%2Fv2%2Fcomments&post=719"}],"version-history":[{"count":5,"href":"https:\/\/www.freiebuerger-weidhausen.de\/index.php?rest_route=\/wp\/v2\/pages\/719\/revisions"}],"predecessor-version":[{"id":739,"href":"https:\/\/www.freiebuerger-weidhausen.de\/index.php?rest_route=\/wp\/v2\/pages\/719\/revisions\/739"}],"wp:attachment":[{"href":"https:\/\/www.freiebuerger-weidhausen.de\/index.php?rest_route=%2Fwp%2Fv2%2Fmedia&parent=719"}],"curies":[{"name":"wp","href":"https:\/\/api.w.org\/{rel}","templated":true}]}}